{"version":"1.0","provider_name":"L\u00e1szl\u00f3  K\u00f6szeghy - Photographer - Vienna","provider_url":"https:\/\/www.laszlo-photo.com\/photography","author_name":"lk","author_url":"https:\/\/www.laszlo-photo.com\/photography\/author\/lk\/","title":"Datenschutzerkl\u00e4rung - L\u00e1szl\u00f3 K\u00f6szeghy - Photographer - Vienna","type":"rich","width":600,"height":338,"html":"<blockquote class=\"wp-embedded-content\" data-secret=\"XLo88d1EYz\"><a href=\"https:\/\/www.laszlo-photo.com\/photography\/datenschutzerklaerung\/\">Datenschutzerkl\u00e4rung<\/a><\/blockquote><iframe sandbox=\"allow-scripts\" security=\"restricted\" src=\"https:\/\/www.laszlo-photo.com\/photography\/datenschutzerklaerung\/embed\/#?secret=XLo88d1EYz\" width=\"600\" height=\"338\" title=\"&#8222;Datenschutzerkl\u00e4rung&#8220; &#8211; L\u00e1szl\u00f3  K\u00f6szeghy - Photographer - Vienna\" data-secret=\"XLo88d1EYz\" frameborder=\"0\" marginwidth=\"0\" marginheight=\"0\" scrolling=\"no\" class=\"wp-embedded-content\"><\/iframe><script type=\"text\/javascript\">\n\/* <![CDATA[ *\/\n\/*! This file is auto-generated *\/\n!function(d,l){\"use strict\";l.querySelector&&d.addEventListener&&\"undefined\"!=typeof URL&&(d.wp=d.wp||{},d.wp.receiveEmbedMessage||(d.wp.receiveEmbedMessage=function(e){var t=e.data;if((t||t.secret||t.message||t.value)&&!\/[^a-zA-Z0-9]\/.test(t.secret)){for(var s,r,n,a=l.querySelectorAll('iframe[data-secret=\"'+t.secret+'\"]'),o=l.querySelectorAll('blockquote[data-secret=\"'+t.secret+'\"]'),c=new RegExp(\"^https?:$\",\"i\"),i=0;i<o.length;i++)o[i].style.display=\"none\";for(i=0;i<a.length;i++)s=a[i],e.source===s.contentWindow&&(s.removeAttribute(\"style\"),\"height\"===t.message?(1e3<(r=parseInt(t.value,10))?r=1e3:~~r<200&&(r=200),s.height=r):\"link\"===t.message&&(r=new URL(s.getAttribute(\"src\")),n=new URL(t.value),c.test(n.protocol))&&n.host===r.host&&l.activeElement===s&&(d.top.location.href=t.value))}},d.addEventListener(\"message\",d.wp.receiveEmbedMessage,!1),l.addEventListener(\"DOMContentLoaded\",function(){for(var e,t,s=l.querySelectorAll(\"iframe.wp-embedded-content\"),r=0;r<s.length;r++)(t=(e=s[r]).getAttribute(\"data-secret\"))||(t=Math.random().toString(36).substring(2,12),e.src+=\"#?secret=\"+t,e.setAttribute(\"data-secret\",t)),e.contentWindow.postMessage({message:\"ready\",secret:t},\"*\")},!1)))}(window,document);\n\/\/# sourceURL=https:\/\/www.laszlo-photo.com\/photography\/wp-includes\/js\/wp-embed.min.js\n\/* ]]> *\/\n<\/script>\n","description":"Mein Name ist L\u00e1szl\u00f3, ich lebe in Wien, fotografiere seit 2008 rund um die Welt um m\u00f6glichst viele Facetten von Emotionen und Geschichten zu zeigen, welche zu kreieren, selbst zu erleben und festzuhalten."}